{"id":1231,"date":"2018-08-17T16:10:09","date_gmt":"2018-08-17T14:10:09","guid":{"rendered":"https:\/\/www.bernadettedelourdes.fr\/?page_id=1231"},"modified":"2018-08-17T16:10:09","modified_gmt":"2018-08-17T14:10:09","slug":"informacje-prawne","status":"publish","type":"page","link":"https:\/\/www.bernadettedelourdes.fr\/pl\/informacje-prawne\/","title":{"rendered":"INFORMACJE PRAWNE"},"content":{"rendered":"<p>[vc_row bg_choice=&#8221;2&#8243; bg_image_repeat=&#8221;no-repeat&#8221; margin_top=&#8221;0&#8243; padding_top=&#8221;30&#8243; bg_image=&#8221;261&#8243; padding_bottom=&#8221;30&#8243;][vc_column][vc_custom_heading text=&#8221;INFORMACJE PRAWNE&#8221; font_container=&#8221;tag:h2|font_size:58|text_align:center|color:%23ffffff&#8221; google_fonts=&#8221;font_family:Bitter%3Aregular%2Citalic%2C700|font_style:400%20regular%3A400%3Anormal&#8221;][vc_custom_heading text=&#8221;Bernadeta z Lourdes&#8221; font_container=&#8221;tag:h2|font_size:36|text_align:center|color:%23ffffff&#8221; google_fonts=&#8221;font_family:Bitter%3Aregular%2Citalic%2C700|font_style:400%20regular%3A400%3Anormal&#8221; css=&#8221;.vc_custom_1534514599113{margin-bottom: 0px !important;border-bottom-width: 0px !important;padding-bottom: 0px !important;}&#8221;][vc_custom_heading text=&#8221;Spektakl muzyczny&#8221; font_container=&#8221;tag:h2|font_size:28|text_align:center|color:%23ffffff&#8221; google_fonts=&#8221;font_family:Bitter%3Aregular%2Citalic%2C700|font_style:400%20regular%3A400%3Anormal&#8221; css=&#8221;.vc_custom_1534514648028{margin-top: 0px !important;border-top-width: 0px !important;padding-top: 0px !important;}&#8221;][\/vc_column][\/vc_row][vc_row bg_choice=&#8221;2&#8243; margin_top=&#8221;30px&#8221; padding_top=&#8221;50&#8243; padding_bottom=&#8221;50&#8243;][vc_column][vc_column_text]Strona\u00a0<a href=\"https:\/\/bernadettedelourdes.fr\/\"><b>bernadettedelourdes.fr<\/b><\/a><b> <\/b>to oficjalna strona spektaklu muzycznego \u201eBernadeta z Lourdes\u201d, kt\u00f3rego premiera odb\u0119dzie w 2019 r. w Lourdes.<\/p>\n<p>PRODUKCJA: <b>BERNADETTE DE LOURDES<\/b><br \/>\n60 rue Marcel Dassault \u2013 92100 Boulogne-Billancourt<br \/>\nSIRET\u00a0840\u00a0532\u00a0964\u00a0000 11<br \/>\nRCS Nanterre\u00a0840\u00a0532\u00a0964 \u2013 APE\u00a05920Z<\/p>\n<p>Strona jest hostowana we Francji na serwerach sp\u00f3\u0142ki\u00a0<b>PHPNET<\/b><br \/>\nAdres www:\u00a0www.phpnet.org<\/p>\n<p>Adres pocztowy: 97-97 bis rue du G\u00e9n\u00e9ral Mangin \u2013 38100 Grenoble<br \/>\nNr telefonu: +33 (0)4 82 53 02 10<\/p>\n<p>PROJEKT:<span class=\"Apple-converted-space\">\u00a0<\/span><\/p>\n<p><b>SERAFI<\/b>\u00a0Infographie<\/p>\n<p>www.serafi.fr<br \/>\nREDAKCJA I TRE\u015aCI:<\/p>\n<p>BERNADETTE DE LOURDES &amp; SERAFI<br \/>\nPRZEPISY DOTYCZ\u0104CE OCHRONY DANYCH:<br \/>\nZgodnie z przepisami ustawy nr 78-17 z dnia 6 stycznia 1978 r. dotycz\u0105cej informatyki, plik\u00f3w elektronicznych i swob\u00f3d obywatelskich, automatyczne przetwarzanie danych osobowych, kt\u00f3re mo\u017ce by\u0107 realizowane na tej stronie, b\u0119dzie podlega\u0107 zg\u0142oszeniu do francuskiej Krajowej Komisji Informatyki i Swob\u00f3d (CNIL).<\/p>\n<p>Obecnie jedynymi danymi osobowymi s\u0105 dane subskrybent\u00f3w newslettera. Zgodnie z przepisami ustawy nr 2004-801 z dnia 6 sierpnia 2004 r. o ochronie os\u00f3b fizycznych w kontek\u015bcie przetwarzania danych o charakterze osobowym, zmieniaj\u0105cej ustaw\u0119 nr 78-17 z dnia 6 stycznia 1978 r. dotycz\u0105c\u0105 informatyki, plik\u00f3w elektronicznych i swob\u00f3d obywatelskich opublikowan\u0105 w Dz. U. z 7 sierpnia 2004 r., informujemy, \u017ce dane te pozostan\u0105 \u015bci\u015ble poufne.<\/p>\n<p>Prawo dost\u0119pu, prawo do modyfikacji, do sprostowania i usuwania danych mo\u017cna egzekwowa\u0107 poprzez wys\u0142anie wiadomo\u015bci e-mail na nast\u0119puj\u0105cy adres: <a href=\"mailto:contact@saturdaynightfever.fr\">contact@b<\/a><a href=\"http:\/\/ernadettedelourdes.fr\/\">ernadettedelourdes.fr<\/a><\/p>\n<p>[\/vc_column_text][\/vc_column][\/vc_row]<\/p>\n","protected":false},"excerpt":{"rendered":"<p>[vc_row bg_choice=&#8221;2&#8243; bg_image_repeat=&#8221;no-repeat&#8221; margin_top=&#8221;0&#8243; padding_top=&#8221;30&#8243; bg_image=&#8221;261&#8243; padding_bottom=&#8221;30&#8243;][vc_column][vc_custom_heading text=&#8221;INFORMACJE PRAWNE&#8221; font_container=&#8221;tag:h2|font_size:58|text_align:center|color:%23ffffff&#8221; google_fonts=&#8221;font_family:Bitter%3Aregular%2Citalic%2C700|font_style:400%20regular%3A400%3Anormal&#8221;][vc_custom_heading text=&#8221;Bernadeta z Lourdes&#8221; font_container=&#8221;tag:h2|font_size:36|text_align:center|color:%23ffffff&#8221; google_fonts=&#8221;font_family:Bitter%3Aregular%2Citalic%2C700|font_style:400%20regular%3A400%3Anormal&#8221; css=&#8221;.vc_custom_1534514599113{margin-bottom: 0px !important;border-bottom-width: 0px !important;padding-bottom: 0px !important;}&#8221;][vc_custom_heading text=&#8221;Spektakl muzyczny&#8221; font_container=&#8221;tag:h2|font_size:28|text_align:center|color:%23ffffff&#8221; google_fonts=&#8221;font_family:Bitter%3Aregular%2Citalic%2C700|font_style:400%20regular%3A400%3Anormal&#8221; css=&#8221;.vc_custom_1534514648028{margin-top: 0px !important;border-top-width: 0px !important;padding-top: 0px !important;}&#8221;][\/vc_column][\/vc_row][vc_row bg_choice=&#8221;2&#8243; margin_top=&#8221;30px&#8221; padding_top=&#8221;50&#8243; padding_bottom=&#8221;50&#8243;][vc_column][vc_column_text]Strona\u00a0bernadettedelourdes.fr to oficjalna strona spektaklu muzycznego \u201eBernadeta z Lourdes\u201d, kt\u00f3rego premiera odb\u0119dzie w 2019 r. w Lourdes. PRODUKCJA: [&hellip;]<\/p>\n","protected":false},"author":1,"featured_media":0,"parent":0,"menu_order":0,"comment_status":"closed","ping_status":"closed","template":"","meta":{"_monsterinsights_skip_tracking":false,"_monsterinsights_sitenote_active":false,"_monsterinsights_sitenote_note":"","_monsterinsights_sitenote_category":0,"ngg_post_thumbnail":0,"footnotes":""},"yoast_head":"<!-- This site is optimized with the Yoast SEO plugin v23.0 - https:\/\/yoast.com\/wordpress\/plugins\/seo\/ -->\n<title>INFORMACJE PRAWNE - Bernadette de Lourdes<\/title>\n<meta name=\"robots\" content=\"index, follow, max-snippet:-1, max-image-preview:large, max-video-preview:-1\" \/>\n<link rel=\"canonical\" href=\"https:\/\/www.bernadettedelourdes.fr\/pl\/informacje-prawne\/\" \/>\n<meta property=\"og:locale\" content=\"pl_PL\" \/>\n<meta property=\"og:type\" content=\"article\" \/>\n<meta property=\"og:title\" content=\"INFORMACJE PRAWNE - Bernadette de Lourdes\" \/>\n<meta property=\"og:description\" content=\"[vc_row bg_choice=&#8221;2&#8243; bg_image_repeat=&#8221;no-repeat&#8221; margin_top=&#8221;0&#8243; padding_top=&#8221;30&#8243; bg_image=&#8221;261&#8243; padding_bottom=&#8221;30&#8243;][vc_column][vc_custom_heading text=&#8221;INFORMACJE PRAWNE&#8221; font_container=&#8221;tag:h2|font_size:58|text_align:center|color:%23ffffff&#8221; google_fonts=&#8221;font_family:Bitter%3Aregular%2Citalic%2C700|font_style:400%20regular%3A400%3Anormal&#8221;][vc_custom_heading text=&#8221;Bernadeta z Lourdes&#8221; font_container=&#8221;tag:h2|font_size:36|text_align:center|color:%23ffffff&#8221; google_fonts=&#8221;font_family:Bitter%3Aregular%2Citalic%2C700|font_style:400%20regular%3A400%3Anormal&#8221; css=&#8221;.vc_custom_1534514599113{margin-bottom: 0px !important;border-bottom-width: 0px !important;padding-bottom: 0px !important;}&#8221;][vc_custom_heading text=&#8221;Spektakl muzyczny&#8221; font_container=&#8221;tag:h2|font_size:28|text_align:center|color:%23ffffff&#8221; google_fonts=&#8221;font_family:Bitter%3Aregular%2Citalic%2C700|font_style:400%20regular%3A400%3Anormal&#8221; css=&#8221;.vc_custom_1534514648028{margin-top: 0px !important;border-top-width: 0px !important;padding-top: 0px !important;}&#8221;][\/vc_column][\/vc_row][vc_row bg_choice=&#8221;2&#8243; margin_top=&#8221;30px&#8221; padding_top=&#8221;50&#8243; padding_bottom=&#8221;50&#8243;][vc_column][vc_column_text]Strona\u00a0bernadettedelourdes.fr to oficjalna strona spektaklu muzycznego \u201eBernadeta z Lourdes\u201d, kt\u00f3rego premiera odb\u0119dzie w 2019 r. w Lourdes. PRODUKCJA: [&hellip;]\" \/>\n<meta property=\"og:url\" content=\"https:\/\/www.bernadettedelourdes.fr\/pl\/informacje-prawne\/\" \/>\n<meta property=\"og:site_name\" content=\"Bernadette de Lourdes\" \/>\n<meta property=\"article:publisher\" content=\"https:\/\/www.facebook.com\/Bernadette-de-Lourdes-324306451391676\/\" \/>\n<meta name=\"twitter:card\" content=\"summary_large_image\" \/>\n<meta name=\"twitter:label1\" content=\"Szacowany czas czytania\" \/>\n\t<meta name=\"twitter:data1\" content=\"2 minuty\" \/>\n<script type=\"application\/ld+json\" class=\"yoast-schema-graph\">{\"@context\":\"https:\/\/schema.org\",\"@graph\":[{\"@type\":\"WebPage\",\"@id\":\"https:\/\/www.bernadettedelourdes.fr\/pl\/informacje-prawne\/\",\"url\":\"https:\/\/www.bernadettedelourdes.fr\/pl\/informacje-prawne\/\",\"name\":\"INFORMACJE PRAWNE - Bernadette de Lourdes\",\"isPartOf\":{\"@id\":\"https:\/\/www.bernadettedelourdes.fr\/it\/#website\"},\"datePublished\":\"2018-08-17T14:10:09+00:00\",\"dateModified\":\"2018-08-17T14:10:09+00:00\",\"breadcrumb\":{\"@id\":\"https:\/\/www.bernadettedelourdes.fr\/pl\/informacje-prawne\/#breadcrumb\"},\"inLanguage\":\"pl-PL\",\"potentialAction\":[{\"@type\":\"ReadAction\",\"target\":[\"https:\/\/www.bernadettedelourdes.fr\/pl\/informacje-prawne\/\"]}]},{\"@type\":\"BreadcrumbList\",\"@id\":\"https:\/\/www.bernadettedelourdes.fr\/pl\/informacje-prawne\/#breadcrumb\",\"itemListElement\":[{\"@type\":\"ListItem\",\"position\":1,\"name\":\"Accueil\",\"item\":\"https:\/\/www.bernadettedelourdes.fr\/pl\/\"},{\"@type\":\"ListItem\",\"position\":2,\"name\":\"INFORMACJE PRAWNE\"}]},{\"@type\":\"WebSite\",\"@id\":\"https:\/\/www.bernadettedelourdes.fr\/it\/#website\",\"url\":\"https:\/\/www.bernadettedelourdes.fr\/it\/\",\"name\":\"Bernadette de Lourdes\",\"description\":\"Le spectacle musical\",\"publisher\":{\"@id\":\"https:\/\/www.bernadettedelourdes.fr\/it\/#organization\"},\"potentialAction\":[{\"@type\":\"SearchAction\",\"target\":{\"@type\":\"EntryPoint\",\"urlTemplate\":\"https:\/\/www.bernadettedelourdes.fr\/it\/?s={search_term_string}\"},\"query-input\":\"required name=search_term_string\"}],\"inLanguage\":\"pl-PL\"},{\"@type\":\"Organization\",\"@id\":\"https:\/\/www.bernadettedelourdes.fr\/it\/#organization\",\"name\":\"Bernadette de Lourdes\",\"url\":\"https:\/\/www.bernadettedelourdes.fr\/it\/\",\"logo\":{\"@type\":\"ImageObject\",\"inLanguage\":\"pl-PL\",\"@id\":\"https:\/\/www.bernadettedelourdes.fr\/it\/#\/schema\/logo\/image\/\",\"url\":\"https:\/\/www.bernadettedelourdes.fr\/wp-content\/uploads\/2018\/02\/Bernadette-de-Lourdes-contact.jpg\",\"contentUrl\":\"https:\/\/www.bernadettedelourdes.fr\/wp-content\/uploads\/2018\/02\/Bernadette-de-Lourdes-contact.jpg\",\"width\":600,\"height\":884,\"caption\":\"Bernadette de Lourdes\"},\"image\":{\"@id\":\"https:\/\/www.bernadettedelourdes.fr\/it\/#\/schema\/logo\/image\/\"},\"sameAs\":[\"https:\/\/www.facebook.com\/Bernadette-de-Lourdes-324306451391676\/\",\"https:\/\/www.instagram.com\/musical_bernadettedelourdes\/\"]}]}<\/script>\n<!-- \/ Yoast SEO plugin. -->","yoast_head_json":{"title":"INFORMACJE PRAWNE - Bernadette de Lourdes","robots":{"index":"index","follow":"follow","max-snippet":"max-snippet:-1","max-image-preview":"max-image-preview:large","max-video-preview":"max-video-preview:-1"},"canonical":"https:\/\/www.bernadettedelourdes.fr\/pl\/informacje-prawne\/","og_locale":"pl_PL","og_type":"article","og_title":"INFORMACJE PRAWNE - Bernadette de Lourdes","og_description":"[vc_row bg_choice=&#8221;2&#8243; bg_image_repeat=&#8221;no-repeat&#8221; margin_top=&#8221;0&#8243; padding_top=&#8221;30&#8243; bg_image=&#8221;261&#8243; padding_bottom=&#8221;30&#8243;][vc_column][vc_custom_heading text=&#8221;INFORMACJE PRAWNE&#8221; font_container=&#8221;tag:h2|font_size:58|text_align:center|color:%23ffffff&#8221; google_fonts=&#8221;font_family:Bitter%3Aregular%2Citalic%2C700|font_style:400%20regular%3A400%3Anormal&#8221;][vc_custom_heading text=&#8221;Bernadeta z Lourdes&#8221; font_container=&#8221;tag:h2|font_size:36|text_align:center|color:%23ffffff&#8221; google_fonts=&#8221;font_family:Bitter%3Aregular%2Citalic%2C700|font_style:400%20regular%3A400%3Anormal&#8221; css=&#8221;.vc_custom_1534514599113{margin-bottom: 0px !important;border-bottom-width: 0px !important;padding-bottom: 0px !important;}&#8221;][vc_custom_heading text=&#8221;Spektakl muzyczny&#8221; font_container=&#8221;tag:h2|font_size:28|text_align:center|color:%23ffffff&#8221; google_fonts=&#8221;font_family:Bitter%3Aregular%2Citalic%2C700|font_style:400%20regular%3A400%3Anormal&#8221; css=&#8221;.vc_custom_1534514648028{margin-top: 0px !important;border-top-width: 0px !important;padding-top: 0px !important;}&#8221;][\/vc_column][\/vc_row][vc_row bg_choice=&#8221;2&#8243; margin_top=&#8221;30px&#8221; padding_top=&#8221;50&#8243; padding_bottom=&#8221;50&#8243;][vc_column][vc_column_text]Strona\u00a0bernadettedelourdes.fr to oficjalna strona spektaklu muzycznego \u201eBernadeta z Lourdes\u201d, kt\u00f3rego premiera odb\u0119dzie w 2019 r. w Lourdes. PRODUKCJA: [&hellip;]","og_url":"https:\/\/www.bernadettedelourdes.fr\/pl\/informacje-prawne\/","og_site_name":"Bernadette de Lourdes","article_publisher":"https:\/\/www.facebook.com\/Bernadette-de-Lourdes-324306451391676\/","twitter_card":"summary_large_image","twitter_misc":{"Szacowany czas czytania":"2 minuty"},"schema":{"@context":"https:\/\/schema.org","@graph":[{"@type":"WebPage","@id":"https:\/\/www.bernadettedelourdes.fr\/pl\/informacje-prawne\/","url":"https:\/\/www.bernadettedelourdes.fr\/pl\/informacje-prawne\/","name":"INFORMACJE PRAWNE - Bernadette de Lourdes","isPartOf":{"@id":"https:\/\/www.bernadettedelourdes.fr\/it\/#website"},"datePublished":"2018-08-17T14:10:09+00:00","dateModified":"2018-08-17T14:10:09+00:00","breadcrumb":{"@id":"https:\/\/www.bernadettedelourdes.fr\/pl\/informacje-prawne\/#breadcrumb"},"inLanguage":"pl-PL","potentialAction":[{"@type":"ReadAction","target":["https:\/\/www.bernadettedelourdes.fr\/pl\/informacje-prawne\/"]}]},{"@type":"BreadcrumbList","@id":"https:\/\/www.bernadettedelourdes.fr\/pl\/informacje-prawne\/#breadcrumb","itemListElement":[{"@type":"ListItem","position":1,"name":"Accueil","item":"https:\/\/www.bernadettedelourdes.fr\/pl\/"},{"@type":"ListItem","position":2,"name":"INFORMACJE PRAWNE"}]},{"@type":"WebSite","@id":"https:\/\/www.bernadettedelourdes.fr\/it\/#website","url":"https:\/\/www.bernadettedelourdes.fr\/it\/","name":"Bernadette de Lourdes","description":"Le spectacle musical","publisher":{"@id":"https:\/\/www.bernadettedelourdes.fr\/it\/#organization"},"potentialAction":[{"@type":"SearchAction","target":{"@type":"EntryPoint","urlTemplate":"https:\/\/www.bernadettedelourdes.fr\/it\/?s={search_term_string}"},"query-input":"required name=search_term_string"}],"inLanguage":"pl-PL"},{"@type":"Organization","@id":"https:\/\/www.bernadettedelourdes.fr\/it\/#organization","name":"Bernadette de Lourdes","url":"https:\/\/www.bernadettedelourdes.fr\/it\/","logo":{"@type":"ImageObject","inLanguage":"pl-PL","@id":"https:\/\/www.bernadettedelourdes.fr\/it\/#\/schema\/logo\/image\/","url":"https:\/\/www.bernadettedelourdes.fr\/wp-content\/uploads\/2018\/02\/Bernadette-de-Lourdes-contact.jpg","contentUrl":"https:\/\/www.bernadettedelourdes.fr\/wp-content\/uploads\/2018\/02\/Bernadette-de-Lourdes-contact.jpg","width":600,"height":884,"caption":"Bernadette de Lourdes"},"image":{"@id":"https:\/\/www.bernadettedelourdes.fr\/it\/#\/schema\/logo\/image\/"},"sameAs":["https:\/\/www.facebook.com\/Bernadette-de-Lourdes-324306451391676\/","https:\/\/www.instagram.com\/musical_bernadettedelourdes\/"]}]}},"_links":{"self":[{"href":"https:\/\/www.bernadettedelourdes.fr\/pl\/wp-json\/wp\/v2\/pages\/1231"}],"collection":[{"href":"https:\/\/www.bernadettedelourdes.fr\/pl\/wp-json\/wp\/v2\/pages"}],"about":[{"href":"https:\/\/www.bernadettedelourdes.fr\/pl\/wp-json\/wp\/v2\/types\/page"}],"author":[{"embeddable":true,"href":"https:\/\/www.bernadettedelourdes.fr\/pl\/wp-json\/wp\/v2\/users\/1"}],"replies":[{"embeddable":true,"href":"https:\/\/www.bernadettedelourdes.fr\/pl\/wp-json\/wp\/v2\/comments?post=1231"}],"version-history":[{"count":0,"href":"https:\/\/www.bernadettedelourdes.fr\/pl\/wp-json\/wp\/v2\/pages\/1231\/revisions"}],"wp:attachment":[{"href":"https:\/\/www.bernadettedelourdes.fr\/pl\/wp-json\/wp\/v2\/media?parent=1231"}],"curies":[{"name":"wp","href":"https:\/\/api.w.org\/{rel}","templated":true}]}}